{"id":419,"date":"2025-10-06T13:17:24","date_gmt":"2025-10-06T13:17:24","guid":{"rendered":"https:\/\/caleidosdev.com.br\/junto\/?page_id=419"},"modified":"2025-10-08T20:21:55","modified_gmt":"2025-10-08T20:21:55","slug":"onde-buscar-ajuda-no-sus","status":"publish","type":"page","link":"https:\/\/caleidosdev.com.br\/junto\/pt\/onde-buscar-ajuda-no-sus\/","title":{"rendered":"Onde buscar ajuda em sa\u00fade mental para crian\u00e7as e adolescentes no Sistema \u00danico de Sa\u00fade (SUS)?"},"content":{"rendered":"<h2><strong>Como funciona o sistema p\u00fablico de sa\u00fade mental no Brasil?<\/strong><\/h2>\n<p>O <strong>Sistema \u00danico de Sa\u00fade (SUS)<\/strong> funciona em rede, para que cada pessoa receba o cuidado que precisa. Na sa\u00fade mental de crian\u00e7as e adolescentes, o primeiro lugar para procurar ajuda \u00e9 a <strong>Aten\u00e7\u00e3o Prim\u00e1ria \u00e0 Sa\u00fade (APS)<\/strong> &#8211; Unidade B\u00e1sica de Sa\u00fade (UBS) ou Estrat\u00e9gia de Sa\u00fade da Fam\u00edlia (ESF) &#8211; do lugar onde voc\u00ea mora. L\u00e1, \u00e9 onde servi\u00e7os b\u00e1sicos de sa\u00fade s\u00e3o oferecidos, ou seja, \u00e9 onde os profissionais podem ouvir as fam\u00edlias, avaliar sinais de sofrimento emocional ou mudan\u00e7as no comportamento e orientar o que fazer a seguir.<\/p>\n<p>Quando \u00e9 necess\u00e1rio, a APS pode encaminhar para servi\u00e7os especializados, como os <strong>Centros de Aten\u00e7\u00e3o Psicossocial (CAPS),<\/strong> <strong>ambulat\u00f3rios<\/strong> ou <strong>policl\u00ednicas<\/strong>, onde h\u00e1 equipes treinadas para oferecer cuidados mais especializados em sa\u00fade mental.<\/p>\n<p>Em <strong>casos de urg\u00eancia<\/strong>, como risco de suic\u00eddio ou crises muito graves, o atendimento pode ser feito diretamente em um <strong>CAPS<\/strong>, em <strong>Unidades de Pronto Atendimento (UPA)<\/strong> ou chamando a <strong>SAMU<\/strong> <strong>(192).<\/strong><\/p>\n<h2><strong>O atendimento para sa\u00fade mental de crian\u00e7as e adolescentes \u00e9 igual em todo o Brasil?<\/strong><\/h2>\n<p>N\u00e3o. O Brasil, por ser um pa\u00eds de dimens\u00f5es continentais, tem muitas diferen\u00e7as regionais. Isso faz com que a oferta de servi\u00e7os em sa\u00fade mental e os caminhos para acess\u00e1-los variem bastante de uma cidade para outra. Em alguns munic\u00edpios, \u00e9 poss\u00edvel procurar diretamente os CAPS; j\u00e1 em outros, a porta de entrada \u00e9 apenas a Aten\u00e7\u00e3o Prim\u00e1ria. Por isso, \u00e9 fundamental confirmar, no seu munic\u00edpio, onde buscar ajuda primeiro. Vamos entender um pouco mais!<\/p>\n<h2><strong>Por onde come\u00e7ar?<\/strong><\/h2>\n<p>O primeiro passo, na maioria das vezes, \u00e9 procurar a <strong>Aten\u00e7\u00e3o Prim\u00e1ria \u00e0 Sa\u00fade, <\/strong>ou seja, a <strong>Unidade B\u00e1sica de Sa\u00fade <\/strong>ou<strong> Estrat\u00e9gia de Sa\u00fade da Fam\u00edlia<\/strong> da sua regi\u00e3o de moradia. As unidades de Aten\u00e7\u00e3o Prim\u00e1ria est\u00e3o presentes em praticamente todos os lugares do Brasil e costumam ser distribu\u00eddas por bairros e comunidades, para facilitar o acesso das fam\u00edlias. \u00c9 nelas que os cuidadores podem buscar ajuda quando h\u00e1 d\u00favidas ou preocupa\u00e7\u00f5es sobre o comportamento, as emo\u00e7\u00f5es ou o desenvolvimento de crian\u00e7as e adolescentes do seu conv\u00edvio. Nas unidades de Aten\u00e7\u00e3o Prim\u00e1ria, uma equipe formada por diferentes profissionais de sa\u00fade, como m\u00e9dicos, enfermeiros, psic\u00f3logos e assistentes sociais, poder\u00e1 escutar, avaliar a situa\u00e7\u00e3o e oferecer apoio. Algumas vezes o atendimento pode acontecer ali mesmo; em outras, os profissionais organizam o encaminhamento para servi\u00e7os especializados em sa\u00fade mental.<\/p>\n<h2><strong>Quais s\u00e3o os servi\u00e7os especializados em sa\u00fade mental de crian\u00e7as e adolescentes?<\/strong><\/h2>\n<p>Al\u00e9m das unidades de APS, que costumam ser o primeiro lugar de procura, existem servi\u00e7os especializados para quando o cuidado em sa\u00fade mental precisa ser mais intensivo. O principal deles s\u00e3o os <strong>Centros de Aten\u00e7\u00e3o Psicossocial (CAPS)<\/strong>, que s\u00e3o servi\u00e7os de sa\u00fade comunit\u00e1rios e multiprofissionais que oferecem assist\u00eancia a pessoas que precisam de suporte psicossocial, os quais existem diversos tipos.<\/p>\n<p>Por exemplo, os <strong>CAPS Infanto-Juvenis (CAPSij)<\/strong> s\u00e3o voltados especificamente para crian\u00e7as e adolescentes que estejam com sofrimento decorrente de problemas mentais graves e persistentes, que precisam de cuidado mais intensivo. Esses centros podem contar com equipes multiprofissionais, como psiquiatras, psic\u00f3logos, terapeutas ocupacionais, assistentes sociais e enfermeiros, e costumam oferecer atendimentos individuais, em grupo, atividades terap\u00eauticas e suporte \u00e0s fam\u00edlias. Em alguns munic\u00edpios, \u00e9 poss\u00edvel procurar o CAPSij diretamente; em outros, o acesso acontece por meio de encaminhamento feito pela APS.<\/p>\n<p>A presen\u00e7a e o tipo de CAPS em cada cidade dependem do n\u00famero de habitantes e da forma como a rede de sa\u00fade local est\u00e1 organizada. Em alguns munic\u00edpios maiores, pode existir um CAPS Infanto-Juvenil (CAPSij), voltado exclusivamente para crian\u00e7as e adolescentes. J\u00e1 em cidades menores, onde a popula\u00e7\u00e3o \u00e9 menor, muitas vezes o atendimento acontece em <strong>CAPS do tipo I ou II<\/strong>, que recebem todas as faixas et\u00e1rias em um mesmo servi\u00e7o, n\u00e3o sendo exclusivos para o p\u00fablico infanto-juvenil. Al\u00e9m disso, podem existir os <strong>CAPS AD (\u00c1lcool e Drogas),<\/strong> destinados especificamente a pessoas, inclusive adolescentes, que enfrentam problemas relacionados ao uso de \u00e1lcool e outras drogas.<\/p>\n<p>Al\u00e9m dos CAPS, alguns munic\u00edpios oferecem recursos que complementam a rede de sa\u00fade mental. As <strong>Equipes Multiprofissionais de Sa\u00fade Mental (EMAESMs) <\/strong>atuam em condi\u00e7\u00f5es de sa\u00fade mental mais comuns e de gravidade moderada, oferecendo acompanhamento cont\u00ednuo e apoio \u00e0s fam\u00edlias. Al\u00e9m disso, alguns munic\u00edpios contam com <strong>policl\u00ednicas<\/strong>, que funcionam como centros de especialidades m\u00e9dicas. Nesses locais, podem existir profissionais voltados \u00e0 sa\u00fade mental da inf\u00e2ncia e adolesc\u00eancia, o que facilita o cuidado quando a crian\u00e7a ou o adolescente precisa ser acompanhado por diferentes especialistas no mesmo espa\u00e7o, de forma integrada.<\/p>\n<p>Nas cidades maiores, especialmente aqueles com Hospitais Universit\u00e1rios, podem existir <strong>ambulat\u00f3rios especializados em sa\u00fade mental da inf\u00e2ncia e da adolesc\u00eancia<\/strong>, que podem focar em temas espec\u00edficos como por exemplo, Transtorno de D\u00e9ficit de Aten\u00e7\u00e3o e Hiperatividade, Transtornos Alimentares, ansiedade e depress\u00e3o.<\/p>\n<p>J\u00e1 para crian\u00e7as e adolescentes com problemas de desenvolvimento, como atraso global ou transtorno do espectro autista, algumas cidades contam com os <strong>Centros Especializados em Reabilita\u00e7\u00e3o Intelectual<\/strong>. Nesses locais, al\u00e9m do acompanhamento m\u00e9dico e psicol\u00f3gico, \u00e9 comum haver atendimento multiprofissional com fonoaudi\u00f3logos, fisioterapeutas e terapeutas ocupacionais. O acesso a esses centros geralmente acontece por encaminhamento da APS ou de outro ponto da rede especializada.<\/p>\n<p>Apesar de n\u00e3o estarem presentes em todos os munic\u00edpios, servi\u00e7os como os listados aqui formam uma rede que busca garantir que cada crian\u00e7a ou adolescente receba o cuidado mais adequado para sua situa\u00e7\u00e3o, em di\u00e1logo constante com suas fam\u00edlias.<\/p>\n<h2><strong>E se for uma emerg\u00eancia?<\/strong><\/h2>\n<p>Em <strong>situa\u00e7\u00f5es de crise <\/strong>ou <strong>emerg\u00eancias em sa\u00fade mental <\/strong>de crian\u00e7as e adolescentes, como risco de suic\u00eddio, agita\u00e7\u00e3o grave ou quando h\u00e1 risco de a crian\u00e7a ou adolescente machucar a si mesma ou a outras pessoas, o atendimento deve ser imediato. Nesses casos, a ajuda pode ser buscada diretamente nos CAPS (quando dispon\u00edveis no munic\u00edpio), nas Unidades de Pronto Atendimento (UPAs) ou pela SAMU (telefone 192), que oferece atendimento de urg\u00eancia e pode realizar o transporte at\u00e9 o servi\u00e7o de sa\u00fade mais adequado.<\/p>\n<h2><strong>Onde encontrar informa\u00e7\u00f5es confi\u00e1veis sobre os servi\u00e7os dispon\u00edveis na minha cidade?<\/strong><\/h2>\n<p>A melhor forma de saber como funciona na sua cidade \u00e9 procurar a <strong>Secretaria Municipal <\/strong><strong>de Sa\u00fade<\/strong> ou a unidade de Aten\u00e7\u00e3o Prim\u00e1ria do seu lugar de moradia. Essas institui\u00e7\u00f5es conseguem informar quais servi\u00e7os existem, como acess\u00e1-los e quais s\u00e3o os fluxos de atendimento adotados no munic\u00edpio.<\/p>\n<p><strong>Lembre-se que os servi\u00e7os e os profissionais do SUS est\u00e3o dispon\u00edveis para oferecer o suporte necess\u00e1rio, e que cuidar da sa\u00fade mental de crian\u00e7as e adolescentes pode ser desafiador, mas o sistema p\u00fablico brasileiro oferece caminhos para que ningu\u00e9m precise enfrentar essas situa\u00e7\u00f5es sem apoio.<\/strong><\/p>\n<p><strong><div class='fonte'>Fonte: Minist\u00e9rio da Sa\u00fade: Rede de Aten\u00e7\u00e3o Psicossocial. <\/strong>Dispon\u00edvel em: <a href=\"https:\/\/www.gov.br\/saude\/pt-br\/composicao\/saes\/desmad\/raps\">https:\/\/www.gov.br\/saude\/pt-br\/composicao\/saes\/desmad\/raps<\/a>. Acesso em 08\/09\/2025<strong><\/div><\/strong><\/p>\n","protected":false},"excerpt":{"rendered":"Como funciona o sistema p\u00fablico de sa\u00fade mental no Brasil? O Sistema \u00danico de Sa\u00fade (SUS) funciona em rede, para que cada pessoa receba o cuidado que precisa. Na sa\u00fade mental de crian\u00e7as e adolescentes, o primeiro lugar para procurar ajuda \u00e9 a Aten\u00e7\u00e3o Prim\u00e1ria \u00e0 Sa\u00fade (APS) &#8211; Unidade B\u00e1sica de Sa\u00fade (UBS) ou [&hellip;]","protected":false},"author":1,"featured_media":0,"parent":0,"menu_order":0,"comment_status":"closed","ping_status":"closed","template":"template-sus-info.php","meta":{"_acf_changed":false,"inline_featured_image":false,"footnotes":""},"class_list":["post-419","page","type-page","status-publish","hentry"],"acf":[],"_links":{"self":[{"href":"https:\/\/caleidosdev.com.br\/junto\/wp-json\/wp\/v2\/pages\/419","targetHints":{"allow":["GET"]}}],"collection":[{"href":"https:\/\/caleidosdev.com.br\/junto\/wp-json\/wp\/v2\/pages"}],"about":[{"href":"https:\/\/caleidosdev.com.br\/junto\/wp-json\/wp\/v2\/types\/page"}],"author":[{"embeddable":true,"href":"https:\/\/caleidosdev.com.br\/junto\/wp-json\/wp\/v2\/users\/1"}],"replies":[{"embeddable":true,"href":"https:\/\/caleidosdev.com.br\/junto\/wp-json\/wp\/v2\/comments?post=419"}],"version-history":[{"count":10,"href":"https:\/\/caleidosdev.com.br\/junto\/wp-json\/wp\/v2\/pages\/419\/revisions"}],"predecessor-version":[{"id":635,"href":"https:\/\/caleidosdev.com.br\/junto\/wp-json\/wp\/v2\/pages\/419\/revisions\/635"}],"wp:attachment":[{"href":"https:\/\/caleidosdev.com.br\/junto\/wp-json\/wp\/v2\/media?parent=419"}],"curies":[{"name":"wp","href":"https:\/\/api.w.org\/{rel}","templated":true}]}}